{"id":28,"date":"2023-10-11T16:08:15","date_gmt":"2023-10-11T14:08:15","guid":{"rendered":"https:\/\/osteopathes-neufgrange.fr\/?page_id=28"},"modified":"2024-02-28T11:57:23","modified_gmt":"2024-02-28T10:57:23","slug":"politique-de-protection-des-donnees","status":"publish","type":"page","link":"https:\/\/osteopathes-neufgrange.fr\/?page_id=28","title":{"rendered":"Politique de protection des donn\u00e9es"},"content":{"rendered":"\t\t<div data-elementor-type=\"wp-page\" data-elementor-id=\"28\" class=\"elementor elementor-28\">\n\t\t\t\t\t\t\t<div class=\"elementor-element elementor-element-65f641f e-flex e-con-boxed e-con e-parent\" data-id=\"65f641f\" data-element_type=\"container\" data-settings=\"{&quot;content_width&quot;:&quot;boxed&quot;}\" data-core-v316-plus=\"true\">\n\t\t\t\t\t<div class=\"e-con-inner\">\n\t\t\t\t<div class=\"elementor-element elementor-element-5811037 elementor-widget elementor-widget-text-editor\" data-id=\"5811037\" data-element_type=\"widget\" data-widget_type=\"text-editor.default\">\n\t\t\t\t<div class=\"elementor-widget-container\">\n\t\t\t<style>\/*! elementor - v3.18.0 - 20-12-2023 *\/\n.elementor-widget-text-editor.elementor-drop-cap-view-stacked .elementor-drop-cap{background-color:#69727d;color:#fff}.elementor-widget-text-editor.elementor-drop-cap-view-framed .elementor-drop-cap{color:#69727d;border:3px solid;background-color:transparent}.elementor-widget-text-editor:not(.elementor-drop-cap-view-default) .elementor-drop-cap{margin-top:8px}.elementor-widget-text-editor:not(.elementor-drop-cap-view-default) .elementor-drop-cap-letter{width:1em;height:1em}.elementor-widget-text-editor .elementor-drop-cap{float:left;text-align:center;line-height:1;font-size:50px}.elementor-widget-text-editor .elementor-drop-cap-letter{display:inline-block}<\/style>\t\t\t\t<p><strong>POLITIQUE DE PROTECTION DES DONN\u00c9ES \u00c0 CARACT\u00c8RE PERSONNEL DU CABINET D&rsquo;OSTEOPATHIE DE SABINE ENGEL ET NICOLAS SCHWARTZ<\/strong><\/p><p>Nous souhaitons vous expliquer par la pr\u00e9sente politique de protection des donn\u00e9es personnelles (ci-apr\u00e8s \u00ab Politique \u00bb), la nature des donn\u00e9es personnelles que nous collectons, la mani\u00e8re dont nous les traitons, les mesures que nous prenons pour assurer leur s\u00e9curit\u00e9 et la nature de vos droits.<\/p><p>Notre Politique est susceptible d\u2019\u00eatre mise \u00e0 jour \u00e0 tout moment par nos soins et ces modifications prendront effet imm\u00e9diatement. Nous vous invitons ainsi \u00e0 vous y r\u00e9f\u00e9rer r\u00e9guli\u00e8rement afin de prendre connaissance de sa derni\u00e8re version disponible.<\/p><p>En utilisant notre site internet, vous d\u00e9clarez accepter les termes de la pr\u00e9sente Politique et consentez \u00e0 ce que nous collections, utilisions et divulguions vos donn\u00e9es personnelles conform\u00e9ment \u00e0 notre politique de traitement des donn\u00e9es. Cette Politique s\u2019applique \u00e0 toutes les donn\u00e9es personnelles que vous nous fournissez directement ou indirectement. En cas de d\u00e9saccord avec les termes de la Politique, nous vous invitons \u00e0 ne pas utiliser notre site.<\/p><p>Pour tout renseignement, vous pouvez nous contacter le <b>SABINE ENGEL engelsabine@orange.fr<\/b><\/p><p>Selon l\u2019article 2 de la loi informatique et libert\u00e9s, une donn\u00e9e personnelle se caract\u00e9rise par quatre \u00e9l\u00e9ments\u00a0:<\/p><ul><li>Toute information<\/li><li>Relative \u00e0 une personne physique<\/li><li>Identifi\u00e9e ou qui peut \u00eatre identifi\u00e9e directement ou indirectement<\/li><li>Par r\u00e9f\u00e9rence \u00e0 un num\u00e9ro d\u2019identification ou \u00e0 un ou plusieurs \u00e9l\u00e9ments qui lui sont propres.<\/li><\/ul><p><strong>Qui collecte vos donn\u00e9es \u00e0 caract\u00e8re personnel ?<\/strong><\/p><p><strong>CABINET D&rsquo;OSTEOPATHIE DE SABINE ENGEL ET NICOLAS SCHWARTZ\u00a0<\/strong><br \/>2B Rue Saint-Michel, 57910 Neufgrange<br \/>03 87 02 44 38 <\/p><p><strong>A quel moment collectons-nous vos donn\u00e9es ?<\/strong><\/p><ul><li>Nous ne collectons pas de donn\u00e9es lors de votre navigation sur votre site.<\/li><\/ul><p>Nous collectons directement ou indirectement par l\u2019interm\u00e9diaire de nos prestataires, des donn\u00e9es personnelles aupr\u00e8s de vous dans les cas suivants\u00a0:<\/p><ul><li>Vous nous contactez par l\u2019interm\u00e9diaire de diff\u00e9rents canaux dont notamment par voie postale ou par t\u00e9l\u00e9phone<\/li><\/ul><p>Nous nous engageons \u00e0 collecter vos donn\u00e9es personnelles que lorsque cela est strictement n\u00e9cessaire et l\u00e9gal et \u00e0 ne collecter que le minimum d\u2019informations personnelles n\u00e9cessaires aux fins couvertes par cette Politique.<\/p><p>Dans l\u2019hypoth\u00e8se o\u00f9 nous aurions besoin d\u2019utiliser vos donn\u00e9es personnelles \u00e0 des fins non couvertes par la pr\u00e9sente Politique, un consentement suppl\u00e9mentaire vous sera demand\u00e9. Un tel consentement n\u2019est pas obligatoire mais sera parfois n\u00e9cessaire pour que nous puissions \u00eatre en mesure de r\u00e9pondre \u00e0 vos besoins\/demandes.<\/p><p>\u00a0<\/p><p>Nous pouvons recueillir des informations personnelles \u00e0 votre sujet aupr\u00e8s de diff\u00e9rentes sources, notamment :<\/p><ul><li>Les donn\u00e9es personnelles collect\u00e9es directement, communiqu\u00e9es volontairement par vos soins, notamment par l\u2019interm\u00e9diaire d&rsquo;un appel t\u00e9l\u00e9phonique<\/li><\/ul><p><b>Quelles donn\u00e9es personnelles collectons-nous et pour quelles finalit\u00e9s\u00a0?<\/b><\/p><p>Dans cette Politique, \u00ab vos donn\u00e9es personnelles \u00bb d\u00e9signent des informations ou des \u00e9l\u00e9ments d\u2019informations qui permettent de vous identifier directement ou indirectement. Cela inclut g\u00e9n\u00e9ralement des informations telles que votre nom, adresse, \u00e2ge, adresse e-mail et num\u00e9ro de t\u00e9l\u00e9phone.<\/p><p>M\u00eame si le d\u00e9tail pr\u00e9cis des donn\u00e9es personnelles que nous collectons varie en fonction des besoins sp\u00e9cifiques, nous collectons g\u00e9n\u00e9ralement les donn\u00e9es ci-dessous. Les traitements que nous mettons en \u0153uvre r\u00e9pondent \u00e0 une finalit\u00e9 explicite, l\u00e9gitime et d\u00e9termin\u00e9e.<\/p><p>Tout traitement de vos donn\u00e9es personnelles qui aurait une autre finalit\u00e9 que celles expos\u00e9es plus bas n\u00e9cessitera votre consentement s\u2019il n\u2019est pas justifi\u00e9 par un int\u00e9r\u00eat l\u00e9gitime.<\/p><table width=\"604\"><tbody><tr><td width=\"214\"><strong>A quel moment\u00a0?<\/strong><\/td><td width=\"209\"><strong>Quelles donn\u00e9es\u00a0?<\/strong><\/td><td width=\"181\"><strong>Quelles finalit\u00e9s<\/strong><\/td><\/tr><tr><td width=\"214\">Lors de votre prise de contact par t\u00e9l\u00e9phone ou mail<\/td><td width=\"209\">vos nom, n* t\u00e9l\u00e9phone, le sujet, votre message.<\/td><td width=\"181\"><p>nous permet d&rsquo;organiser notre planning et de vous proposer un rendez-vous<\/p><p>\u00a0<\/p><p>nous permet de vous recontacter en cas d&rsquo;annulation de rendez-vous\u00a0<\/p><p>\u00a0<\/p><\/td><\/tr><tr><td width=\"214\">\u00a0<\/td><td width=\"209\">\u00a0<\/td><td width=\"181\">\u00a0<\/td><\/tr><\/tbody><\/table><p>Ces donn\u00e9es sont collect\u00e9es loyalement\u00a0; aucune collecte n\u2019est effectu\u00e9e \u00e0 l\u2019insu des personnes et sans qu\u2019elles en soient inform\u00e9es.<br \/>Nous nous attachons \u00e0 minimiser les donn\u00e9es collect\u00e9es, \u00e0 les tenir exactes et \u00e0 jour en facilitant les droits des personnes concern\u00e9es.<\/p><p>Dur\u00e9e de conservation des donn\u00e9es.<\/p><p>Conform\u00e9ment \u00e0 la l\u00e9gislation et r\u00e9glementation en vigueur, nous ne conservons pas vos donn\u00e9es au-del\u00e0 de la dur\u00e9e strictement n\u00e9cessaire aux finalit\u00e9s poursuivies.<\/p><p>Toutefois, afin de satisfaire nos obligations administratives, l\u00e9gales, comptables et fiscales, vos donn\u00e9es pourront faire l\u2019objet d\u2019archivage et \u00eatre conserv\u00e9es au-del\u00e0 des d\u00e9lais pr\u00e9cit\u00e9s, conform\u00e9ment \u00e0 la l\u00e9gislation en vigueur.<\/p><p><strong>Quels sont les destinataires de vos donn\u00e9es ?<\/strong><\/p><p>Nous sommes les uniques destinataires de vos donn\u00e9es personnelles et ne les commercialisons pas.<\/p><p>Nous exigeons de ces destinataires qu\u2019ils mettent en \u0153uvre toutes les mesures techniques et organisationnelles n\u00e9cessaires et appropri\u00e9es pour assurer la confidentialit\u00e9 et la s\u00e9curit\u00e9 optimale de vos donn\u00e9es contre toute utilisation abusive et qu\u2019ils ne les utilisent que conform\u00e9ment \u00e0 nos instructions et \u00e0 la l\u00e9gislation et r\u00e9glementation en vigueur, notamment par la signature d\u2019un accord de protection des donn\u00e9es personnelles.<\/p><p><strong>Politique de transfert hors UE.<\/strong><\/p><p>Vos donn\u00e9es personnelles n\u2019ont pas vocation \u00e0 \u00eatre transf\u00e9r\u00e9es hors de l\u2019union europ\u00e9enne.<\/p><p><strong>PROTECTION DE VOS DONN\u00c9ES EN INTERNE<\/strong><\/p><p>En notre qualit\u00e9 de responsable du traitement, nous prenons toutes les pr\u00e9cautions n\u00e9cessaires pour pr\u00e9server la s\u00e9curit\u00e9 et la confidentialit\u00e9 de vos donn\u00e9es personnelles en mettant en \u0153uvre des mesures organisationnelles, techniques, logicielles et physiques et exigeons de nos partenaires qu\u2019ils en fassent de m\u00eame.<\/p><p>L\u2019acc\u00e8s \u00e0 vos donn\u00e9es personnelles est limit\u00e9 pour emp\u00eacher tous acc\u00e8s non autoris\u00e9, toute modification, interf\u00e9rence, perte et\/ou abus. Toutefois, malgr\u00e9 nos efforts, nous ne pouvons pas garantir la parfaite s\u00e9curit\u00e9 de la transmission ou du stockage de vos donn\u00e9es personnelles sur Internet dans la mesure o\u00f9 Internet n\u2019est pas un environnement suffisamment s\u00fbr et s\u00e9curis\u00e9.<\/p><p><strong>Comment exercer vos droits ?<\/strong><\/p><p>Conform\u00e9ment \u00e0 la loi Informatique et Libert\u00e9s du 6 janvier 1978 telle que modifi\u00e9e, et au R\u00e8glement G\u00e9n\u00e9ral pour la Protection des Donn\u00e9es n\u00b02016\/679 en date du 27 avril 2016, vous disposez :<\/p><ul><li>D\u2019un droit d\u2019acc\u00e8s \u00e0 vos donn\u00e9es personnelles,<\/li><li>D\u2019un droit de rectification de vos donn\u00e9es personnelles,<\/li><li>D\u2019un droit d\u2019opposition au traitement de vos donn\u00e9es personnelles pour des motifs l\u00e9gitimes,<\/li><li>D\u2019un droit \u00e0 l\u2019effacement de vos donn\u00e9es personnelles sous r\u00e9serve de motifs l\u00e9gitimes,<\/li><li>D\u2019un droit de portabilit\u00e9 de vos donn\u00e9es personnelles \u00e0 compter du 25 mai 2018,<\/li><li>D\u2019un droit \u00e0 \u00ab\u00a0la mort num\u00e9rique\u00a0\u00bb, conform\u00e9ment \u00e0 la loi pour une R\u00e9publique du num\u00e9rique, en nous communiquant des directives relatives \u00e0 la conservation, \u00e0 l\u2019effacement et la communication de vos donn\u00e9es personnelles apr\u00e8s votre d\u00e9c\u00e8s. Ces directives peuvent \u00eatre enregistr\u00e9es aupr\u00e8s d\u2019un \u00ab\u00a0tiers de confiance num\u00e9rique\u00a0\u00bb certifi\u00e9 par la CNIL.<br \/>A d\u00e9faut de personne d\u00e9sign\u00e9e pour assurer l\u2019ex\u00e9cution de ces directives, vos h\u00e9ritiers seront d\u00e9sign\u00e9s.En l\u2019absence de directives donn\u00e9es de votre vivant, vos h\u00e9ritiers auront alors la possibilit\u00e9 d\u2019exercer certains droits, en particulier\u00a0:<ul><li>le droit d\u2019acc\u00e8s, s\u2019il est n\u00e9cessaire \u00ab\u00a0pour le r\u00e8glement de la succession du d\u00e9funt\u00a0\u00bb,<\/li><li>le droit d\u2019opposition pour proc\u00e9der \u00e0 la cl\u00f4ture de vos comptes utilisateurs et s\u2019opposer au traitement de leurs donn\u00e9es.<\/li><\/ul><\/li><\/ul><p>Pour exercer ces droits, il vous suffit d\u2019en faire la demande \u00e9crite, sign\u00e9e et accompagn\u00e9e d\u2019une pi\u00e8ce d\u2019identit\u00e9 aupr\u00e8s\u00a0<\/p><p>SABINE ENGEL engelsabine@orange.fr<\/p><p>Le droit d\u2019acc\u00e8s est gratuit mais si la personne souhaite une copie des \u00e9l\u00e9ments demand\u00e9s, le responsable de traitement peut exiger le paiement d\u2019une somme qui ne peut exc\u00e9der le co\u00fbt de reproduction.<\/p><p>Une r\u00e9ponse vous sera adress\u00e9e dans un d\u00e9lai d\u2019un (1) mois \u00e0 compter de la date de r\u00e9ception de votre demande. Nous nous r\u00e9servons n\u00e9anmoins la possibilit\u00e9 de ne pas donner suite aux demandes manifestement abusives par leur nombre, leur caract\u00e8re r\u00e9p\u00e9titif ou syst\u00e9matique.<\/p>\t\t\t\t\t\t<\/div>\n\t\t\t\t<\/div>\n\t\t\t\t\t<\/div>\n\t\t\t\t<\/div>\n\t\t\t\t\t\t\t<\/div>\n\t\t","protected":false},"excerpt":{"rendered":"<p>POLITIQUE DE PROTECTION DES DONN\u00c9ES \u00c0 CARACT\u00c8RE PERSONNEL DU CABINET D&rsquo;OSTEOPATHIE DE SABINE ENGEL ET NICOLAS SCHWARTZ Nous souhaitons vous expliquer par la pr\u00e9sente politique de protection des donn\u00e9es personnelles (ci-apr\u00e8s \u00ab Politique \u00bb), la nature des donn\u00e9es personnelles que nous collectons, la mani\u00e8re dont nous les traitons, les mesures que nous prenons pour assurer [&hellip;]<\/p>\n","protected":false},"author":1,"featured_media":0,"parent":0,"menu_order":0,"comment_status":"closed","ping_status":"closed","template":"","meta":{"footnotes":""},"class_list":["post-28","page","type-page","status-publish","hentry","entry"],"yoast_head":"<!-- This site is optimized with the Yoast SEO plugin v21.7 - https:\/\/yoast.com\/wordpress\/plugins\/seo\/ -->\n<title>Politique de protection des donn\u00e9es - Ost\u00e9opathes Neufgrange<\/title>\n<meta name=\"robots\" content=\"index, follow, max-snippet:-1, max-image-preview:large, max-video-preview:-1\" \/>\n<link rel=\"canonical\" href=\"https:\/\/osteopathes-neufgrange.fr\/?page_id=28\" \/>\n<meta property=\"og:locale\" content=\"fr_FR\" \/>\n<meta property=\"og:type\" content=\"article\" \/>\n<meta property=\"og:title\" content=\"Politique de protection des donn\u00e9es - Ost\u00e9opathes Neufgrange\" \/>\n<meta property=\"og:description\" content=\"POLITIQUE DE PROTECTION DES DONN\u00c9ES \u00c0 CARACT\u00c8RE PERSONNEL DU CABINET D&rsquo;OSTEOPATHIE DE SABINE ENGEL ET NICOLAS SCHWARTZ Nous souhaitons vous expliquer par la pr\u00e9sente politique de protection des donn\u00e9es personnelles (ci-apr\u00e8s \u00ab Politique \u00bb), la nature des donn\u00e9es personnelles que nous collectons, la mani\u00e8re dont nous les traitons, les mesures que nous prenons pour assurer [&hellip;]\" \/>\n<meta property=\"og:url\" content=\"https:\/\/osteopathes-neufgrange.fr\/?page_id=28\" \/>\n<meta property=\"og:site_name\" content=\"Ost\u00e9opathes Neufgrange\" \/>\n<meta property=\"article:modified_time\" content=\"2024-02-28T10:57:23+00:00\" \/>\n<meta name=\"twitter:card\" content=\"summary_large_image\" \/>\n<meta name=\"twitter:label1\" content=\"Dur\u00e9e de lecture estim\u00e9e\" \/>\n\t<meta name=\"twitter:data1\" content=\"7 minutes\" \/>\n<script type=\"application\/ld+json\" class=\"yoast-schema-graph\">{\"@context\":\"https:\/\/schema.org\",\"@graph\":[{\"@type\":\"WebPage\",\"@id\":\"https:\/\/osteopathes-neufgrange.fr\/?page_id=28\",\"url\":\"https:\/\/osteopathes-neufgrange.fr\/?page_id=28\",\"name\":\"Politique de protection des donn\u00e9es - Ost\u00e9opathes Neufgrange\",\"isPartOf\":{\"@id\":\"https:\/\/osteopathes-neufgrange.fr\/#website\"},\"datePublished\":\"2023-10-11T14:08:15+00:00\",\"dateModified\":\"2024-02-28T10:57:23+00:00\",\"breadcrumb\":{\"@id\":\"https:\/\/osteopathes-neufgrange.fr\/?page_id=28#breadcrumb\"},\"inLanguage\":\"fr-FR\",\"potentialAction\":[{\"@type\":\"ReadAction\",\"target\":[\"https:\/\/osteopathes-neufgrange.fr\/?page_id=28\"]}]},{\"@type\":\"BreadcrumbList\",\"@id\":\"https:\/\/osteopathes-neufgrange.fr\/?page_id=28#breadcrumb\",\"itemListElement\":[{\"@type\":\"ListItem\",\"position\":1,\"name\":\"Accueil\",\"item\":\"https:\/\/osteopathes-neufgrange.fr\/\"},{\"@type\":\"ListItem\",\"position\":2,\"name\":\"Politique de protection des donn\u00e9es\"}]},{\"@type\":\"WebSite\",\"@id\":\"https:\/\/osteopathes-neufgrange.fr\/#website\",\"url\":\"https:\/\/osteopathes-neufgrange.fr\/\",\"name\":\"Ost\u00e9opathes Neufgrange\",\"description\":\"\",\"publisher\":{\"@id\":\"https:\/\/osteopathes-neufgrange.fr\/#organization\"},\"potentialAction\":[{\"@type\":\"SearchAction\",\"target\":{\"@type\":\"EntryPoint\",\"urlTemplate\":\"https:\/\/osteopathes-neufgrange.fr\/?s={search_term_string}\"},\"query-input\":\"required name=search_term_string\"}],\"inLanguage\":\"fr-FR\"},{\"@type\":\"Organization\",\"@id\":\"https:\/\/osteopathes-neufgrange.fr\/#organization\",\"name\":\"Ost\u00e9opathes Neufgrange\",\"url\":\"https:\/\/osteopathes-neufgrange.fr\/\",\"logo\":{\"@type\":\"ImageObject\",\"inLanguage\":\"fr-FR\",\"@id\":\"https:\/\/osteopathes-neufgrange.fr\/#\/schema\/logo\/image\/\",\"url\":\"https:\/\/osteopathes-neufgrange.fr\/wp-content\/uploads\/2024\/03\/cropped-20240318-logo-def-sabine-engel.png\",\"contentUrl\":\"https:\/\/osteopathes-neufgrange.fr\/wp-content\/uploads\/2024\/03\/cropped-20240318-logo-def-sabine-engel.png\",\"width\":1366,\"height\":502,\"caption\":\"Ost\u00e9opathes Neufgrange\"},\"image\":{\"@id\":\"https:\/\/osteopathes-neufgrange.fr\/#\/schema\/logo\/image\/\"}}]}<\/script>\n<!-- \/ Yoast SEO plugin. -->","yoast_head_json":{"title":"Politique de protection des donn\u00e9es - Ost\u00e9opathes Neufgrange","robots":{"index":"index","follow":"follow","max-snippet":"max-snippet:-1","max-image-preview":"max-image-preview:large","max-video-preview":"max-video-preview:-1"},"canonical":"https:\/\/osteopathes-neufgrange.fr\/?page_id=28","og_locale":"fr_FR","og_type":"article","og_title":"Politique de protection des donn\u00e9es - Ost\u00e9opathes Neufgrange","og_description":"POLITIQUE DE PROTECTION DES DONN\u00c9ES \u00c0 CARACT\u00c8RE PERSONNEL DU CABINET D&rsquo;OSTEOPATHIE DE SABINE ENGEL ET NICOLAS SCHWARTZ Nous souhaitons vous expliquer par la pr\u00e9sente politique de protection des donn\u00e9es personnelles (ci-apr\u00e8s \u00ab Politique \u00bb), la nature des donn\u00e9es personnelles que nous collectons, la mani\u00e8re dont nous les traitons, les mesures que nous prenons pour assurer [&hellip;]","og_url":"https:\/\/osteopathes-neufgrange.fr\/?page_id=28","og_site_name":"Ost\u00e9opathes Neufgrange","article_modified_time":"2024-02-28T10:57:23+00:00","twitter_card":"summary_large_image","twitter_misc":{"Dur\u00e9e de lecture estim\u00e9e":"7 minutes"},"schema":{"@context":"https:\/\/schema.org","@graph":[{"@type":"WebPage","@id":"https:\/\/osteopathes-neufgrange.fr\/?page_id=28","url":"https:\/\/osteopathes-neufgrange.fr\/?page_id=28","name":"Politique de protection des donn\u00e9es - Ost\u00e9opathes Neufgrange","isPartOf":{"@id":"https:\/\/osteopathes-neufgrange.fr\/#website"},"datePublished":"2023-10-11T14:08:15+00:00","dateModified":"2024-02-28T10:57:23+00:00","breadcrumb":{"@id":"https:\/\/osteopathes-neufgrange.fr\/?page_id=28#breadcrumb"},"inLanguage":"fr-FR","potentialAction":[{"@type":"ReadAction","target":["https:\/\/osteopathes-neufgrange.fr\/?page_id=28"]}]},{"@type":"BreadcrumbList","@id":"https:\/\/osteopathes-neufgrange.fr\/?page_id=28#breadcrumb","itemListElement":[{"@type":"ListItem","position":1,"name":"Accueil","item":"https:\/\/osteopathes-neufgrange.fr\/"},{"@type":"ListItem","position":2,"name":"Politique de protection des donn\u00e9es"}]},{"@type":"WebSite","@id":"https:\/\/osteopathes-neufgrange.fr\/#website","url":"https:\/\/osteopathes-neufgrange.fr\/","name":"Ost\u00e9opathes Neufgrange","description":"","publisher":{"@id":"https:\/\/osteopathes-neufgrange.fr\/#organization"},"potentialAction":[{"@type":"SearchAction","target":{"@type":"EntryPoint","urlTemplate":"https:\/\/osteopathes-neufgrange.fr\/?s={search_term_string}"},"query-input":"required name=search_term_string"}],"inLanguage":"fr-FR"},{"@type":"Organization","@id":"https:\/\/osteopathes-neufgrange.fr\/#organization","name":"Ost\u00e9opathes Neufgrange","url":"https:\/\/osteopathes-neufgrange.fr\/","logo":{"@type":"ImageObject","inLanguage":"fr-FR","@id":"https:\/\/osteopathes-neufgrange.fr\/#\/schema\/logo\/image\/","url":"https:\/\/osteopathes-neufgrange.fr\/wp-content\/uploads\/2024\/03\/cropped-20240318-logo-def-sabine-engel.png","contentUrl":"https:\/\/osteopathes-neufgrange.fr\/wp-content\/uploads\/2024\/03\/cropped-20240318-logo-def-sabine-engel.png","width":1366,"height":502,"caption":"Ost\u00e9opathes Neufgrange"},"image":{"@id":"https:\/\/osteopathes-neufgrange.fr\/#\/schema\/logo\/image\/"}}]}},"_links":{"self":[{"href":"https:\/\/osteopathes-neufgrange.fr\/index.php?rest_route=\/wp\/v2\/pages\/28","targetHints":{"allow":["GET"]}}],"collection":[{"href":"https:\/\/osteopathes-neufgrange.fr\/index.php?rest_route=\/wp\/v2\/pages"}],"about":[{"href":"https:\/\/osteopathes-neufgrange.fr\/index.php?rest_route=\/wp\/v2\/types\/page"}],"author":[{"embeddable":true,"href":"https:\/\/osteopathes-neufgrange.fr\/index.php?rest_route=\/wp\/v2\/users\/1"}],"replies":[{"embeddable":true,"href":"https:\/\/osteopathes-neufgrange.fr\/index.php?rest_route=%2Fwp%2Fv2%2Fcomments&post=28"}],"version-history":[{"count":10,"href":"https:\/\/osteopathes-neufgrange.fr\/index.php?rest_route=\/wp\/v2\/pages\/28\/revisions"}],"predecessor-version":[{"id":763,"href":"https:\/\/osteopathes-neufgrange.fr\/index.php?rest_route=\/wp\/v2\/pages\/28\/revisions\/763"}],"wp:attachment":[{"href":"https:\/\/osteopathes-neufgrange.fr\/index.php?rest_route=%2Fwp%2Fv2%2Fmedia&parent=28"}],"curies":[{"name":"wp","href":"https:\/\/api.w.org\/{rel}","templated":true}]}}